{"id":359,"date":"2017-10-11T12:12:40","date_gmt":"2017-10-11T10:12:40","guid":{"rendered":"http:\/\/www.brennerei-feller.de\/shop\/?post_type=product&#038;p=359"},"modified":"2026-02-23T15:23:23","modified_gmt":"2026-02-23T14:23:23","slug":"kaffee-likoer","status":"publish","type":"product","link":"https:\/\/www.brennerei-feller.de\/shop\/produkt\/kaffee-likoer\/","title":{"rendered":"Kaffee Lik\u00f6r"},"content":{"rendered":"<p>[et_pb_section fb_built=&#8220;1&#8243; _builder_version=&#8220;4.16&#8243; custom_padding=&#8220;0px||||false|false&#8220; global_colors_info=&#8220;{}&#8220;][et_pb_row _builder_version=&#8220;4.16&#8243; background_size=&#8220;initial&#8220; background_position=&#8220;top_left&#8220; background_repeat=&#8220;repeat&#8220; width=&#8220;100%&#8220; custom_padding=&#8220;0px||0px||false|false&#8220; global_colors_info=&#8220;{}&#8220;][et_pb_column type=&#8220;4_4&#8243; _builder_version=&#8220;4.16&#8243; custom_padding=&#8220;|||&#8220; global_colors_info=&#8220;{}&#8220; custom_padding__hover=&#8220;|||&#8220;][et_pb_wc_breadcrumb _builder_version=&#8220;4.16&#8243; global_colors_info=&#8220;{}&#8220;][\/et_pb_wc_breadcrumb][et_pb_wc_cart_notice _builder_version=&#8220;4.16&#8243; global_colors_info=&#8220;{}&#8220;][\/et_pb_wc_cart_notice][\/et_pb_column][\/et_pb_row][et_pb_row _builder_version=&#8220;4.16&#8243; background_size=&#8220;initial&#8220; background_position=&#8220;top_left&#8220; background_repeat=&#8220;repeat&#8220; width=&#8220;100%&#8220; custom_padding=&#8220;0px||||false|false&#8220; global_colors_info=&#8220;{}&#8220; column_structure=&#8220;1_2,1_2&#8243;][et_pb_column type=&#8220;1_2&#8243; _builder_version=&#8220;4.16&#8243; custom_padding=&#8220;|||&#8220; global_colors_info=&#8220;{}&#8220; custom_padding__hover=&#8220;|||&#8220;][et_pb_wc_images _builder_version=&#8220;4.16&#8243; global_colors_info=&#8220;{}&#8220;][\/et_pb_wc_images][\/et_pb_column][et_pb_column type=&#8220;1_2&#8243; _builder_version=&#8220;4.16&#8243; custom_padding=&#8220;|||&#8220; global_colors_info=&#8220;{}&#8220; custom_padding__hover=&#8220;|||&#8220;][et_pb_wc_title _builder_version=&#8220;4.16&#8243; global_colors_info=&#8220;{}&#8220;][\/et_pb_wc_title][et_pb_wc_rating _builder_version=&#8220;4.16&#8243; global_colors_info=&#8220;{}&#8220;][\/et_pb_wc_rating][et_pb_wc_price _builder_version=&#8220;4.16&#8243; global_colors_info=&#8220;{}&#8220;][\/et_pb_wc_price][et_pb_wc_description _builder_version=&#8220;4.16&#8243; global_colors_info=&#8220;{}&#8220;][\/et_pb_wc_description][et_pb_wc_add_to_cart _builder_version=&#8220;4.16&#8243; global_colors_info=&#8220;{}&#8220;][\/et_pb_wc_add_to_cart][et_pb_wc_meta _builder_version=&#8220;4.16&#8243; global_colors_info=&#8220;{}&#8220;][\/et_pb_wc_meta][\/et_pb_column][\/et_pb_row][et_pb_row _builder_version=&#8220;4.16&#8243; background_size=&#8220;initial&#8220; background_position=&#8220;top_left&#8220; background_repeat=&#8220;repeat&#8220; width=&#8220;100%&#8220; global_colors_info=&#8220;{}&#8220;][et_pb_column type=&#8220;4_4&#8243; _builder_version=&#8220;4.16&#8243; custom_padding=&#8220;|||&#8220; global_colors_info=&#8220;{}&#8220; custom_padding__hover=&#8220;|||&#8220;][et_pb_wc_tabs _builder_version=&#8220;4.16&#8243; global_colors_info=&#8220;{}&#8220;] [\/et_pb_wc_tabs][et_pb_wc_upsells _builder_version=&#8220;4.16&#8243; global_colors_info=&#8220;{}&#8220;][\/et_pb_wc_upsells][et_pb_wc_related_products _builder_version=&#8220;4.16&#8243; global_colors_info=&#8220;{}&#8220;][\/et_pb_wc_related_products][\/et_pb_column][\/et_pb_row][\/et_pb_section]<\/p>\n","protected":false},"excerpt":{"rendered":"<p>0,2l = 12,40\u20ac (6,20\u20ac\/100ml)<br \/>\n0,5l = 19,90\u20ac (39,80\u20ac\/1L)<\/p>\n<p>Lieferzeit: Sofort lieferbar<\/p>\n","protected":false},"featured_media":1899,"comment_status":"closed","ping_status":"closed","template":"","meta":{"_et_pb_use_builder":"on","_et_pb_old_content":"Der kastanienbraune Kaffeelik\u00f6r birgt einen kr\u00e4ftigen Geschmack nach ger\u00f6steten Kaffeebohnen und frisch gebr\u00fchtem schwarzen Kaffee und rundet sein Profil mit einer dezenten Toffeenote ab.\r\n\r\nEr eignet sich hervorragend als Begleitung zu einem Milcheis oder als Bestandteil der Cocktailclassiker wie B52, White Russian oder Mind Eraser.\r\n\r\nAlkoholvolumen: 30 %","_et_gb_content_width":""},"product_brand":[],"product_cat":[33],"product_tag":[],"class_list":{"0":"post-359","1":"product","2":"type-product","3":"status-publish","4":"has-post-thumbnail","6":"product_cat-feine-likoere","8":"first","9":"instock","10":"taxable","11":"shipping-taxable","12":"purchasable","13":"product-type-variable"},"yoast_head":"<!-- This site is optimized with the Yoast SEO plugin v25.1 - https:\/\/yoast.com\/wordpress\/plugins\/seo\/ -->\n<title>Kaffee Lik\u00f6r | Brennerei Feller<\/title>\n<meta name=\"robots\" content=\"index, follow, max-snippet:-1, max-image-preview:large, max-video-preview:-1\" \/>\n<link rel=\"canonical\" href=\"https:\/\/www.brennerei-feller.de\/shop\/produkt\/kaffee-likoer\/\" \/>\n<meta property=\"og:locale\" content=\"de_DE\" \/>\n<meta property=\"og:type\" content=\"article\" \/>\n<meta property=\"og:title\" content=\"Kaffee Lik\u00f6r | Brennerei Feller\" \/>\n<meta property=\"og:description\" content=\"0,2l = 12,40\u20ac (6,20\u20ac\/100ml) 0,5l = 19,90\u20ac (39,80\u20ac\/1L)  Lieferzeit: Sofort lieferbar\" \/>\n<meta property=\"og:url\" content=\"https:\/\/www.brennerei-feller.de\/shop\/produkt\/kaffee-likoer\/\" \/>\n<meta property=\"og:site_name\" content=\"Brennerei Feller\" \/>\n<meta property=\"article:modified_time\" content=\"2026-02-23T14:23:23+00:00\" \/>\n<meta property=\"og:image\" content=\"https:\/\/www.brennerei-feller.de\/shop\/wp-content\/uploads\/2020\/04\/sh_l_kaffee.jpg\" \/>\n\t<meta property=\"og:image:width\" content=\"500\" \/>\n\t<meta property=\"og:image:height\" content=\"500\" \/>\n\t<meta property=\"og:image:type\" content=\"image\/jpeg\" \/>\n<meta name=\"twitter:card\" content=\"summary_large_image\" \/>\n<meta name=\"twitter:label1\" content=\"Gesch\u00e4tzte Lesezeit\" \/>\n\t<meta name=\"twitter:data1\" content=\"1\u00a0Minute\" \/>\n<script type=\"application\/ld+json\" class=\"yoast-schema-graph\">{\"@context\":\"https:\/\/schema.org\",\"@graph\":[{\"@type\":\"WebPage\",\"@id\":\"https:\/\/www.brennerei-feller.de\/shop\/produkt\/kaffee-likoer\/\",\"url\":\"https:\/\/www.brennerei-feller.de\/shop\/produkt\/kaffee-likoer\/\",\"name\":\"Kaffee Lik\u00f6r | Brennerei Feller\",\"isPartOf\":{\"@id\":\"https:\/\/www.brennerei-feller.de\/shop\/#website\"},\"primaryImageOfPage\":{\"@id\":\"https:\/\/www.brennerei-feller.de\/shop\/produkt\/kaffee-likoer\/#primaryimage\"},\"image\":{\"@id\":\"https:\/\/www.brennerei-feller.de\/shop\/produkt\/kaffee-likoer\/#primaryimage\"},\"thumbnailUrl\":\"https:\/\/www.brennerei-feller.de\/shop\/wp-content\/uploads\/2020\/04\/sh_l_kaffee.jpg\",\"datePublished\":\"2017-10-11T10:12:40+00:00\",\"dateModified\":\"2026-02-23T14:23:23+00:00\",\"breadcrumb\":{\"@id\":\"https:\/\/www.brennerei-feller.de\/shop\/produkt\/kaffee-likoer\/#breadcrumb\"},\"inLanguage\":\"de\",\"potentialAction\":[{\"@type\":\"ReadAction\",\"target\":[\"https:\/\/www.brennerei-feller.de\/shop\/produkt\/kaffee-likoer\/\"]}]},{\"@type\":\"ImageObject\",\"inLanguage\":\"de\",\"@id\":\"https:\/\/www.brennerei-feller.de\/shop\/produkt\/kaffee-likoer\/#primaryimage\",\"url\":\"https:\/\/www.brennerei-feller.de\/shop\/wp-content\/uploads\/2020\/04\/sh_l_kaffee.jpg\",\"contentUrl\":\"https:\/\/www.brennerei-feller.de\/shop\/wp-content\/uploads\/2020\/04\/sh_l_kaffee.jpg\",\"width\":500,\"height\":500,\"caption\":\"Kaffee Lik\u00f6r der Brennerei Feller\"},{\"@type\":\"BreadcrumbList\",\"@id\":\"https:\/\/www.brennerei-feller.de\/shop\/produkt\/kaffee-likoer\/#breadcrumb\",\"itemListElement\":[{\"@type\":\"ListItem\",\"position\":1,\"name\":\"Startseite\",\"item\":\"https:\/\/www.brennerei-feller.de\/shop\/\"},{\"@type\":\"ListItem\",\"position\":2,\"name\":\"Shop\",\"item\":\"https:\/\/www.brennerei-feller.de\/shop\/\"},{\"@type\":\"ListItem\",\"position\":3,\"name\":\"Kaffee Lik\u00f6r\"}]},{\"@type\":\"WebSite\",\"@id\":\"https:\/\/www.brennerei-feller.de\/shop\/#website\",\"url\":\"https:\/\/www.brennerei-feller.de\/shop\/\",\"name\":\"Brennerei Feller\",\"description\":\"Shop\",\"publisher\":{\"@id\":\"https:\/\/www.brennerei-feller.de\/shop\/#organization\"},\"potentialAction\":[{\"@type\":\"SearchAction\",\"target\":{\"@type\":\"EntryPoint\",\"urlTemplate\":\"https:\/\/www.brennerei-feller.de\/shop\/?s={search_term_string}\"},\"query-input\":{\"@type\":\"PropertyValueSpecification\",\"valueRequired\":true,\"valueName\":\"search_term_string\"}}],\"inLanguage\":\"de\"},{\"@type\":\"Organization\",\"@id\":\"https:\/\/www.brennerei-feller.de\/shop\/#organization\",\"name\":\"Brennerei Feller\",\"url\":\"https:\/\/www.brennerei-feller.de\/shop\/\",\"logo\":{\"@type\":\"ImageObject\",\"inLanguage\":\"de\",\"@id\":\"https:\/\/www.brennerei-feller.de\/shop\/#\/schema\/logo\/image\/\",\"url\":\"https:\/\/www.brennerei-feller.de\/shop\/wp-content\/uploads\/2017\/10\/logo_feller_mail.jpg\",\"contentUrl\":\"https:\/\/www.brennerei-feller.de\/shop\/wp-content\/uploads\/2017\/10\/logo_feller_mail.jpg\",\"width\":142,\"height\":85,\"caption\":\"Brennerei Feller\"},\"image\":{\"@id\":\"https:\/\/www.brennerei-feller.de\/shop\/#\/schema\/logo\/image\/\"}}]}<\/script>\n<!-- \/ Yoast SEO plugin. -->","yoast_head_json":{"title":"Kaffee Lik\u00f6r | Brennerei Feller","robots":{"index":"index","follow":"follow","max-snippet":"max-snippet:-1","max-image-preview":"max-image-preview:large","max-video-preview":"max-video-preview:-1"},"canonical":"https:\/\/www.brennerei-feller.de\/shop\/produkt\/kaffee-likoer\/","og_locale":"de_DE","og_type":"article","og_title":"Kaffee Lik\u00f6r | Brennerei Feller","og_description":"0,2l = 12,40\u20ac (6,20\u20ac\/100ml) 0,5l = 19,90\u20ac (39,80\u20ac\/1L)  Lieferzeit: Sofort lieferbar","og_url":"https:\/\/www.brennerei-feller.de\/shop\/produkt\/kaffee-likoer\/","og_site_name":"Brennerei Feller","article_modified_time":"2026-02-23T14:23:23+00:00","og_image":[{"width":500,"height":500,"url":"https:\/\/www.brennerei-feller.de\/shop\/wp-content\/uploads\/2020\/04\/sh_l_kaffee.jpg","type":"image\/jpeg"}],"twitter_card":"summary_large_image","twitter_misc":{"Gesch\u00e4tzte Lesezeit":"1\u00a0Minute"},"schema":{"@context":"https:\/\/schema.org","@graph":[{"@type":"WebPage","@id":"https:\/\/www.brennerei-feller.de\/shop\/produkt\/kaffee-likoer\/","url":"https:\/\/www.brennerei-feller.de\/shop\/produkt\/kaffee-likoer\/","name":"Kaffee Lik\u00f6r | Brennerei Feller","isPartOf":{"@id":"https:\/\/www.brennerei-feller.de\/shop\/#website"},"primaryImageOfPage":{"@id":"https:\/\/www.brennerei-feller.de\/shop\/produkt\/kaffee-likoer\/#primaryimage"},"image":{"@id":"https:\/\/www.brennerei-feller.de\/shop\/produkt\/kaffee-likoer\/#primaryimage"},"thumbnailUrl":"https:\/\/www.brennerei-feller.de\/shop\/wp-content\/uploads\/2020\/04\/sh_l_kaffee.jpg","datePublished":"2017-10-11T10:12:40+00:00","dateModified":"2026-02-23T14:23:23+00:00","breadcrumb":{"@id":"https:\/\/www.brennerei-feller.de\/shop\/produkt\/kaffee-likoer\/#breadcrumb"},"inLanguage":"de","potentialAction":[{"@type":"ReadAction","target":["https:\/\/www.brennerei-feller.de\/shop\/produkt\/kaffee-likoer\/"]}]},{"@type":"ImageObject","inLanguage":"de","@id":"https:\/\/www.brennerei-feller.de\/shop\/produkt\/kaffee-likoer\/#primaryimage","url":"https:\/\/www.brennerei-feller.de\/shop\/wp-content\/uploads\/2020\/04\/sh_l_kaffee.jpg","contentUrl":"https:\/\/www.brennerei-feller.de\/shop\/wp-content\/uploads\/2020\/04\/sh_l_kaffee.jpg","width":500,"height":500,"caption":"Kaffee Lik\u00f6r der Brennerei Feller"},{"@type":"BreadcrumbList","@id":"https:\/\/www.brennerei-feller.de\/shop\/produkt\/kaffee-likoer\/#breadcrumb","itemListElement":[{"@type":"ListItem","position":1,"name":"Startseite","item":"https:\/\/www.brennerei-feller.de\/shop\/"},{"@type":"ListItem","position":2,"name":"Shop","item":"https:\/\/www.brennerei-feller.de\/shop\/"},{"@type":"ListItem","position":3,"name":"Kaffee Lik\u00f6r"}]},{"@type":"WebSite","@id":"https:\/\/www.brennerei-feller.de\/shop\/#website","url":"https:\/\/www.brennerei-feller.de\/shop\/","name":"Brennerei Feller","description":"Shop","publisher":{"@id":"https:\/\/www.brennerei-feller.de\/shop\/#organization"},"potentialAction":[{"@type":"SearchAction","target":{"@type":"EntryPoint","urlTemplate":"https:\/\/www.brennerei-feller.de\/shop\/?s={search_term_string}"},"query-input":{"@type":"PropertyValueSpecification","valueRequired":true,"valueName":"search_term_string"}}],"inLanguage":"de"},{"@type":"Organization","@id":"https:\/\/www.brennerei-feller.de\/shop\/#organization","name":"Brennerei Feller","url":"https:\/\/www.brennerei-feller.de\/shop\/","logo":{"@type":"ImageObject","inLanguage":"de","@id":"https:\/\/www.brennerei-feller.de\/shop\/#\/schema\/logo\/image\/","url":"https:\/\/www.brennerei-feller.de\/shop\/wp-content\/uploads\/2017\/10\/logo_feller_mail.jpg","contentUrl":"https:\/\/www.brennerei-feller.de\/shop\/wp-content\/uploads\/2017\/10\/logo_feller_mail.jpg","width":142,"height":85,"caption":"Brennerei Feller"},"image":{"@id":"https:\/\/www.brennerei-feller.de\/shop\/#\/schema\/logo\/image\/"}}]}},"_links":{"self":[{"href":"https:\/\/www.brennerei-feller.de\/shop\/wp-json\/wp\/v2\/product\/359","targetHints":{"allow":["GET"]}}],"collection":[{"href":"https:\/\/www.brennerei-feller.de\/shop\/wp-json\/wp\/v2\/product"}],"about":[{"href":"https:\/\/www.brennerei-feller.de\/shop\/wp-json\/wp\/v2\/types\/product"}],"replies":[{"embeddable":true,"href":"https:\/\/www.brennerei-feller.de\/shop\/wp-json\/wp\/v2\/comments?post=359"}],"wp:featuredmedia":[{"embeddable":true,"href":"https:\/\/www.brennerei-feller.de\/shop\/wp-json\/wp\/v2\/media\/1899"}],"wp:attachment":[{"href":"https:\/\/www.brennerei-feller.de\/shop\/wp-json\/wp\/v2\/media?parent=359"}],"wp:term":[{"taxonomy":"product_brand","embeddable":true,"href":"https:\/\/www.brennerei-feller.de\/shop\/wp-json\/wp\/v2\/product_brand?post=359"},{"taxonomy":"product_cat","embeddable":true,"href":"https:\/\/www.brennerei-feller.de\/shop\/wp-json\/wp\/v2\/product_cat?post=359"},{"taxonomy":"product_tag","embeddable":true,"href":"https:\/\/www.brennerei-feller.de\/shop\/wp-json\/wp\/v2\/product_tag?post=359"}],"curies":[{"name":"wp","href":"https:\/\/api.w.org\/{rel}","templated":true}]}}