{"id":41,"date":"2017-10-09T16:17:39","date_gmt":"2017-10-09T14:17:39","guid":{"rendered":"http:\/\/www.brennerei-feller.de\/shop\/impressum\/"},"modified":"2017-10-12T16:59:59","modified_gmt":"2017-10-12T14:59:59","slug":"impressum","status":"publish","type":"page","link":"https:\/\/www.brennerei-feller.de\/shop\/impressum\/","title":{"rendered":"Impressum"},"content":{"rendered":"<div id=\"main\" class=\"site-main\">\n<div id=\"primary_home\" class=\"content-area\">\n<div id=\"content\" class=\"fullwidth\">\n<article id=\"post-61\" class=\"post-61 page type-page status-publish hentry\">\n<div class=\"entry-content\">\n<p>Anbieter i.S.d. MdStV: Brennerei Feller KG<br \/>\nInhaber: Roland Feller<br \/>\nZiegelstr. 4 | 89165 Dietenheim-Regglisweiler<br \/>\nTel. 07347-75 48<br \/>\ninfo@brennerei-feller.de | www.brennerei-feller.de<\/p>\n<p>USt-IdNr.: DE147143453<br \/>\nInhaltlich Verantwortlicher gem\u00e4\u00df \u00a7 6 MDStV:<br \/>\nRoland Feller<\/p>\n<p>Die oben genannte Person ist Dienstanbieter, verantwortliche Ansprechperson und journalistisch-redaktionell verantwortliche Person. Gem\u00e4\u00df \u00a7 28 BDSG widerspreche ich jeder kommerziellen Verwendung und Weitergabe meiner Daten.<\/p>\n<p>Haftungsausschluss<\/p>\n<p>1. Inhalt des Onlineangebotes<br \/>\nDer Betreiber dieser Seite, im folgenden \u201cAutor\u201d genannt, \u00fcbernimmt keinerlei Gew\u00e4hr f\u00fcr die Aktualit\u00e4t, Korrektheit, Vollst\u00e4ndigkeit oder Qualit\u00e4t der bereitgestellten Informationen. Haftungsanspr\u00fcche gegen den Autor, welche sich auf Sch\u00e4den materieller oder ideller Art beziehen, die durch die Nutzung oder Nichtnutzung der dargebotenen Informationen bzw. durch die Nutzung fehlerhafter und unvollst\u00e4ndiger Informationen verursacht wurden, sind grunds\u00e4tzlich ausgeschlossen, sofern seitens des Autors kein nachweislich vors\u00e4tzliches oder grob fahrl\u00e4ssiges Verschulden vorliegt.Angebote: Alle Angebote sind freibleibend und unverbindlich. Der Autor beh\u00e4lt es sich ausdr\u00fccklich vor, Teile der Seiten oder das gesamte Angebot ohne gesonderte Ank\u00fcndigung zu ver\u00e4ndern, zu erg\u00e4nzen zu l\u00f6schen oder die Ver\u00f6ffentlichung zeitweise oder endg\u00fcltig einzustellen.<\/p>\n<p>2. Verweise und Links<br \/>\nBei direkten oder indirekten Verweisen auf fremde Internetseiten (\u201cLinks\u201d), die au\u00dferhalb des Verantwortungsbereiches des Autors liegen, w\u00fcrde eine Haftungsverpflichtung ausschlie\u00dflich in Kraft treten, in dem der Autor von den Inhalten Kenntnis hat und es ihm technisch m\u00f6glich und zumutbar w\u00e4re, die Nutzung im Falle rechtswidriger Inhalte zu verhindern.Der Autor erkl\u00e4rt daher ausdr\u00fccklich, dass zum Zeitpunkt der Linksetzung die entsprechenden verlinkten Seiten frei von illegalen Inhalten waren. Der Autor hat keinerlei Einfluss auf die aktuelle und zuk\u00fcnftige Gestaltung und auf die Inhalte der gelinkten\/verkn\u00fcpften Seiten. Deshalb distanziert er sich hiermit ausdr\u00fccklich von allen Inhalten aller gelinkten\/verkn\u00fcpften Seiten, die nach der Linksetzung ver\u00e4ndert wurden. Diese Feststellung gilt f\u00fcr alle innerhalb des eigenen Internetangebots gesetzten Links und Verweise.<\/p>\n<p>3. Urheber- und Kennzeichenrecht<br \/>\nDie Inhalte sowie die gestalterische Ausarbeitung dieser Webseite unterliegen dem Copyright. Die Nutzung von Materialien dieses Internetangebots bedarf des Einverst\u00e4ndnisses des Autoren. Der Autor ist bestrebt, in allen Publikationen die Urheberrechte der verwendeten Grafiken und Texte zu beachten, von ihm selbst erstellte Grafiken und Texte zu nutzen oder auf lizenzfreie Grafiken und Texte zur\u00fcckzugreifen. Alle innerhalb des Internetangebotes genannten und ggf. durch Dritte gesch\u00fctzten Marken- und Warenzeichen unterliegen uneingeschr\u00e4nkt den Bestimmungen des jeweils g\u00fcltigen Kennzeichensrechts und den Besitzrechten der jeweiligen eingetragenen Eigent\u00fcmer. Allein aufgrund der blo\u00dfen Nennung ist nicht der Schluss zu ziehen, dass Markenzeichen nicht durch Rechte Dritter gesch\u00fctzt sind.Das Copyright f\u00fcr ver\u00f6ffentlichte, vom Autor selbst erstellte Objekte bleibt allein beim Autor der Seiten. Eine Vervielf\u00e4ltigung oder Verwendung solcher Grafiken und Texte in anderen elektronischen oder gedruckten Publikationen ist ohne ausdr\u00fcckliche Zustimmung des Autors nicht gestattet.<\/p>\n<p>4. Rechtswirksamkeit dieses Haftungsausschlusses<br \/>\nDieser Haftungsausschluss ist als Teil des Internetangebots zu betrachten, von dem aus auf diese Seite verwiesen wurde. Sofern Teile oder einzelne Formulierungen dieses Textes der geltenden Rechtslage nicht, nicht mehr oder nicht vollst\u00e4ndig entsprechen sollten, bleiben die \u00fcbrigen Teile des Dokumentes in ihrem Inhalt und ihrer G\u00fcltigkeit davon unber\u00fchrt.<\/p>\n<p>Im \u00fcbrigen verweise ich auf das Telekommunikationsgesetz (TKG) und das Teledienstgesetz (TDG).<\/p>\n<p>&nbsp;<\/p>\n<\/div>\n<\/article>\n<\/div>\n<\/div>\n<\/div>\n<div class=\"woocommerce woocommerce-gzd woocommerce-gzd-complaints-shortcode\">\n\t\t\t<h3>Alternative Streitbeilegung gem\u00e4\u00df Art. 14 Abs. 1 ODR-VO und \u00a7 36 VSBG:<\/h3>\n\t\n<p>Die Europ\u00e4ische Kommission stellt eine Plattform zur Online-Streitbeilegung (OS) bereit, die du unter <a href=\"https:\/\/ec.europa.eu\/consumers\/odr\" target=\"_blank\">https:\/\/ec.europa.eu\/consumers\/odr<\/a> findest. Zur Teilnahme an einem Streitbeilegungsverfahren vor einer Verbraucherschlichtungsstelle sind wir nicht verpflichtet und nicht bereit.<\/p>\n<\/div>\n","protected":false},"excerpt":{"rendered":"<p>Anbieter i.S.d. MdStV: Brennerei Feller KG Inhaber: Roland Feller Ziegelstr. 4 | 89165 Dietenheim-Regglisweiler Tel. 07347-75 48 info@brennerei-feller.de | www.brennerei-feller.de USt-IdNr.: DE147143453 Inhaltlich Verantwortlicher gem\u00e4\u00df \u00a7 6 MDStV: Roland Feller Die oben genannte Person ist Dienstanbieter, verantwortliche Ansprechperson und journalistisch-redaktionell verantwortliche Person. Gem\u00e4\u00df \u00a7 28 BDSG widerspreche ich jeder kommerziellen Verwendung und Weitergabe meiner Daten. [&hellip;]<\/p>\n","protected":false},"author":1,"featured_media":0,"parent":0,"menu_order":0,"comment_status":"closed","ping_status":"closed","template":"","meta":{"_et_pb_use_builder":"","_et_pb_old_content":"","_et_gb_content_width":"","footnotes":""},"class_list":["post-41","page","type-page","status-publish","hentry"],"yoast_head":"<!-- This site is optimized with the Yoast SEO plugin v25.1 - https:\/\/yoast.com\/wordpress\/plugins\/seo\/ -->\n<title>Impressum | Brennerei Feller<\/title>\n<meta name=\"robots\" content=\"index, follow, max-snippet:-1, max-image-preview:large, max-video-preview:-1\" \/>\n<link rel=\"canonical\" href=\"https:\/\/www.brennerei-feller.de\/shop\/impressum\/\" \/>\n<meta property=\"og:locale\" content=\"de_DE\" \/>\n<meta property=\"og:type\" content=\"article\" \/>\n<meta property=\"og:title\" content=\"Impressum | Brennerei Feller\" \/>\n<meta property=\"og:description\" content=\"Anbieter i.S.d. MdStV: Brennerei Feller KG Inhaber: Roland Feller Ziegelstr. 4 | 89165 Dietenheim-Regglisweiler Tel. 07347-75 48 info@brennerei-feller.de | www.brennerei-feller.de USt-IdNr.: DE147143453 Inhaltlich Verantwortlicher gem\u00e4\u00df \u00a7 6 MDStV: Roland Feller Die oben genannte Person ist Dienstanbieter, verantwortliche Ansprechperson und journalistisch-redaktionell verantwortliche Person. Gem\u00e4\u00df \u00a7 28 BDSG widerspreche ich jeder kommerziellen Verwendung und Weitergabe meiner Daten. [&hellip;]\" \/>\n<meta property=\"og:url\" content=\"https:\/\/www.brennerei-feller.de\/shop\/impressum\/\" \/>\n<meta property=\"og:site_name\" content=\"Brennerei Feller\" \/>\n<meta property=\"article:modified_time\" content=\"2017-10-12T14:59:59+00:00\" \/>\n<meta name=\"twitter:card\" content=\"summary_large_image\" \/>\n<meta name=\"twitter:label1\" content=\"Gesch\u00e4tzte Lesezeit\" \/>\n\t<meta name=\"twitter:data1\" content=\"3\u00a0Minuten\" \/>\n<script type=\"application\/ld+json\" class=\"yoast-schema-graph\">{\"@context\":\"https:\/\/schema.org\",\"@graph\":[{\"@type\":\"WebPage\",\"@id\":\"https:\/\/www.brennerei-feller.de\/shop\/impressum\/\",\"url\":\"https:\/\/www.brennerei-feller.de\/shop\/impressum\/\",\"name\":\"Impressum | Brennerei Feller\",\"isPartOf\":{\"@id\":\"https:\/\/www.brennerei-feller.de\/shop\/#website\"},\"datePublished\":\"2017-10-09T14:17:39+00:00\",\"dateModified\":\"2017-10-12T14:59:59+00:00\",\"breadcrumb\":{\"@id\":\"https:\/\/www.brennerei-feller.de\/shop\/impressum\/#breadcrumb\"},\"inLanguage\":\"de\",\"potentialAction\":[{\"@type\":\"ReadAction\",\"target\":[\"https:\/\/www.brennerei-feller.de\/shop\/impressum\/\"]}]},{\"@type\":\"BreadcrumbList\",\"@id\":\"https:\/\/www.brennerei-feller.de\/shop\/impressum\/#breadcrumb\",\"itemListElement\":[{\"@type\":\"ListItem\",\"position\":1,\"name\":\"Startseite\",\"item\":\"https:\/\/www.brennerei-feller.de\/shop\/\"},{\"@type\":\"ListItem\",\"position\":2,\"name\":\"Impressum\"}]},{\"@type\":\"WebSite\",\"@id\":\"https:\/\/www.brennerei-feller.de\/shop\/#website\",\"url\":\"https:\/\/www.brennerei-feller.de\/shop\/\",\"name\":\"Brennerei Feller\",\"description\":\"Shop\",\"publisher\":{\"@id\":\"https:\/\/www.brennerei-feller.de\/shop\/#organization\"},\"potentialAction\":[{\"@type\":\"SearchAction\",\"target\":{\"@type\":\"EntryPoint\",\"urlTemplate\":\"https:\/\/www.brennerei-feller.de\/shop\/?s={search_term_string}\"},\"query-input\":{\"@type\":\"PropertyValueSpecification\",\"valueRequired\":true,\"valueName\":\"search_term_string\"}}],\"inLanguage\":\"de\"},{\"@type\":\"Organization\",\"@id\":\"https:\/\/www.brennerei-feller.de\/shop\/#organization\",\"name\":\"Brennerei Feller\",\"url\":\"https:\/\/www.brennerei-feller.de\/shop\/\",\"logo\":{\"@type\":\"ImageObject\",\"inLanguage\":\"de\",\"@id\":\"https:\/\/www.brennerei-feller.de\/shop\/#\/schema\/logo\/image\/\",\"url\":\"https:\/\/www.brennerei-feller.de\/shop\/wp-content\/uploads\/2017\/10\/logo_feller_mail.jpg\",\"contentUrl\":\"https:\/\/www.brennerei-feller.de\/shop\/wp-content\/uploads\/2017\/10\/logo_feller_mail.jpg\",\"width\":142,\"height\":85,\"caption\":\"Brennerei Feller\"},\"image\":{\"@id\":\"https:\/\/www.brennerei-feller.de\/shop\/#\/schema\/logo\/image\/\"}}]}<\/script>\n<!-- \/ Yoast SEO plugin. -->","yoast_head_json":{"title":"Impressum | Brennerei Feller","robots":{"index":"index","follow":"follow","max-snippet":"max-snippet:-1","max-image-preview":"max-image-preview:large","max-video-preview":"max-video-preview:-1"},"canonical":"https:\/\/www.brennerei-feller.de\/shop\/impressum\/","og_locale":"de_DE","og_type":"article","og_title":"Impressum | Brennerei Feller","og_description":"Anbieter i.S.d. MdStV: Brennerei Feller KG Inhaber: Roland Feller Ziegelstr. 4 | 89165 Dietenheim-Regglisweiler Tel. 07347-75 48 info@brennerei-feller.de | www.brennerei-feller.de USt-IdNr.: DE147143453 Inhaltlich Verantwortlicher gem\u00e4\u00df \u00a7 6 MDStV: Roland Feller Die oben genannte Person ist Dienstanbieter, verantwortliche Ansprechperson und journalistisch-redaktionell verantwortliche Person. Gem\u00e4\u00df \u00a7 28 BDSG widerspreche ich jeder kommerziellen Verwendung und Weitergabe meiner Daten. [&hellip;]","og_url":"https:\/\/www.brennerei-feller.de\/shop\/impressum\/","og_site_name":"Brennerei Feller","article_modified_time":"2017-10-12T14:59:59+00:00","twitter_card":"summary_large_image","twitter_misc":{"Gesch\u00e4tzte Lesezeit":"3\u00a0Minuten"},"schema":{"@context":"https:\/\/schema.org","@graph":[{"@type":"WebPage","@id":"https:\/\/www.brennerei-feller.de\/shop\/impressum\/","url":"https:\/\/www.brennerei-feller.de\/shop\/impressum\/","name":"Impressum | Brennerei Feller","isPartOf":{"@id":"https:\/\/www.brennerei-feller.de\/shop\/#website"},"datePublished":"2017-10-09T14:17:39+00:00","dateModified":"2017-10-12T14:59:59+00:00","breadcrumb":{"@id":"https:\/\/www.brennerei-feller.de\/shop\/impressum\/#breadcrumb"},"inLanguage":"de","potentialAction":[{"@type":"ReadAction","target":["https:\/\/www.brennerei-feller.de\/shop\/impressum\/"]}]},{"@type":"BreadcrumbList","@id":"https:\/\/www.brennerei-feller.de\/shop\/impressum\/#breadcrumb","itemListElement":[{"@type":"ListItem","position":1,"name":"Startseite","item":"https:\/\/www.brennerei-feller.de\/shop\/"},{"@type":"ListItem","position":2,"name":"Impressum"}]},{"@type":"WebSite","@id":"https:\/\/www.brennerei-feller.de\/shop\/#website","url":"https:\/\/www.brennerei-feller.de\/shop\/","name":"Brennerei Feller","description":"Shop","publisher":{"@id":"https:\/\/www.brennerei-feller.de\/shop\/#organization"},"potentialAction":[{"@type":"SearchAction","target":{"@type":"EntryPoint","urlTemplate":"https:\/\/www.brennerei-feller.de\/shop\/?s={search_term_string}"},"query-input":{"@type":"PropertyValueSpecification","valueRequired":true,"valueName":"search_term_string"}}],"inLanguage":"de"},{"@type":"Organization","@id":"https:\/\/www.brennerei-feller.de\/shop\/#organization","name":"Brennerei Feller","url":"https:\/\/www.brennerei-feller.de\/shop\/","logo":{"@type":"ImageObject","inLanguage":"de","@id":"https:\/\/www.brennerei-feller.de\/shop\/#\/schema\/logo\/image\/","url":"https:\/\/www.brennerei-feller.de\/shop\/wp-content\/uploads\/2017\/10\/logo_feller_mail.jpg","contentUrl":"https:\/\/www.brennerei-feller.de\/shop\/wp-content\/uploads\/2017\/10\/logo_feller_mail.jpg","width":142,"height":85,"caption":"Brennerei Feller"},"image":{"@id":"https:\/\/www.brennerei-feller.de\/shop\/#\/schema\/logo\/image\/"}}]}},"_links":{"self":[{"href":"https:\/\/www.brennerei-feller.de\/shop\/wp-json\/wp\/v2\/pages\/41","targetHints":{"allow":["GET"]}}],"collection":[{"href":"https:\/\/www.brennerei-feller.de\/shop\/wp-json\/wp\/v2\/pages"}],"about":[{"href":"https:\/\/www.brennerei-feller.de\/shop\/wp-json\/wp\/v2\/types\/page"}],"author":[{"embeddable":true,"href":"https:\/\/www.brennerei-feller.de\/shop\/wp-json\/wp\/v2\/users\/1"}],"replies":[{"embeddable":true,"href":"https:\/\/www.brennerei-feller.de\/shop\/wp-json\/wp\/v2\/comments?post=41"}],"version-history":[{"count":1,"href":"https:\/\/www.brennerei-feller.de\/shop\/wp-json\/wp\/v2\/pages\/41\/revisions"}],"predecessor-version":[{"id":469,"href":"https:\/\/www.brennerei-feller.de\/shop\/wp-json\/wp\/v2\/pages\/41\/revisions\/469"}],"wp:attachment":[{"href":"https:\/\/www.brennerei-feller.de\/shop\/wp-json\/wp\/v2\/media?parent=41"}],"curies":[{"name":"wp","href":"https:\/\/api.w.org\/{rel}","templated":true}]}}